{"id":605,"date":"2017-03-29T21:25:41","date_gmt":"2017-03-29T19:25:41","guid":{"rendered":"http:\/\/zpo.podedworze.pl\/?page_id=605"},"modified":"2025-06-16T14:08:51","modified_gmt":"2025-06-16T12:08:51","slug":"rekrutacja-szkola-podstawowa","status":"publish","type":"page","link":"http:\/\/zpo.podedworze.pl\/index.php\/rekrutacja-szkola-podstawowa\/","title":{"rendered":"Rekrutacja  w ZPO w Podedw\u00f3rzu"},"content":{"rendered":"\n<p>Lista kandydat\u00f3w przyj\u0119tych w wyniku post\u0119powania rekrutacyjnego do<br>Zespo\u0142u Plac\u00f3wek O\u015bwiatowych w Podedw\u00f3rzu Przedszkola<br>Samorz\u0105dowego na rok szkolny 2025\/2026 znajduje si\u0119 przy sali nr 9 na tablicy og\u0142osze\u0144.<\/p>\n\n\n\n<p>&#8212;&#8212;&#8212;&#8212;&#8212;&#8212;&#8212;&#8212;&#8212;&#8212;&#8212;&#8212;&#8212;&#8212;&#8212;&#8212;&#8212;&#8212;&#8212;&#8212;&#8212;&#8212;&#8212;&#8212;&#8212;&#8212;&#8212;&#8212;&#8212;&#8212;&#8212;&#8212;&#8212;&#8212;&#8212;&#8212;&#8212;&#8212;&#8211;<\/p>\n\n\n\n<p>Poni\u017cej przedstawiamy protok\u00f3\u0142 z posiedzenia Komisji Rekrutacyjnej oraz list\u0119 przyj\u0119tych dzieci do klasy I Szko\u0142y Podstawowej w Podedw\u00f3rzu w roku szkolnym 2025\/26.<\/p>\n\n\n\n<figure class=\"wp-block-image size-large\"><img loading=\"lazy\" decoding=\"async\" width=\"724\" height=\"1024\" src=\"http:\/\/zpo.podedworze.pl\/wp-content\/uploads\/2025\/04\/SKAN0025-724x1024.jpg\" alt=\"\" class=\"wp-image-31020\" srcset=\"http:\/\/zpo.podedworze.pl\/wp-content\/uploads\/2025\/04\/SKAN0025-724x1024.jpg 724w, http:\/\/zpo.podedworze.pl\/wp-content\/uploads\/2025\/04\/SKAN0025-212x300.jpg 212w, http:\/\/zpo.podedworze.pl\/wp-content\/uploads\/2025\/04\/SKAN0025-768x1086.jpg 768w, http:\/\/zpo.podedworze.pl\/wp-content\/uploads\/2025\/04\/SKAN0025-1087x1536.jpg 1087w, http:\/\/zpo.podedworze.pl\/wp-content\/uploads\/2025\/04\/SKAN0025-1449x2048.jpg 1449w, http:\/\/zpo.podedworze.pl\/wp-content\/uploads\/2025\/04\/SKAN0025-655x926.jpg 655w, http:\/\/zpo.podedworze.pl\/wp-content\/uploads\/2025\/04\/SKAN0025.jpg 1654w\" sizes=\"auto, (max-width: 724px) 100vw, 724px\" \/><\/figure>\n\n\n\n<p>&#8212;&#8212;&#8212;&#8212;&#8212;&#8212;&#8212;&#8212;&#8212;&#8212;&#8212;&#8212;&#8212;&#8212;&#8212;&#8212;&#8212;&#8212;&#8212;&#8212;&#8212;&#8212;&#8212;&#8212;&#8212;&#8212;&#8212;&#8212;&#8212;&#8212;&#8212;&#8212;&#8212;&#8212;&#8212;&#8212;&#8212;&#8212;-<\/p>\n\n\n\n<p><strong>Rekrutacja do Zespo\u0142u Plac\u00f3wek O\u015bwiatowych w Podedw\u00f3rzu Przedszkole Samorz\u0105dowe 2025\/2<\/strong>6<\/p>\n\n\n\n<p>Trwa rekrutacja do Zespo\u0142u Plac\u00f3wek O\u015bwiatowych w Podedw\u00f3rzu Przedszkole Samorz\u0105dowe, prosimy o zapoznanie si\u0119 z poni\u017cszym regulaminem. <\/p>\n\n\n\n<div class=\"wp-block-file\"><a id=\"wp-block-file--media-2d437e7d-6143-4cda-b113-fb7fee3516b8\" href=\"http:\/\/zpo.podedworze.pl\/wp-content\/uploads\/2025\/03\/Zal-regulamin-rekrutacji-25-26.doc\">Zal-regulamin-rekrutacji-25-26<\/a><a href=\"http:\/\/zpo.podedworze.pl\/wp-content\/uploads\/2025\/03\/Zal-regulamin-rekrutacji-25-26.doc\" class=\"wp-block-file__button\" download aria-describedby=\"wp-block-file--media-2d437e7d-6143-4cda-b113-fb7fee3516b8\">Pobierz<\/a><\/div>\n\n\n\n<div class=\"wp-block-file\"><a id=\"wp-block-file--media-32d0a2a3-90f6-4eb0-8db3-bf461be93d71\" href=\"http:\/\/zpo.podedworze.pl\/wp-content\/uploads\/2024\/03\/zalacznik-nr-1-wniosek_2024.doc\">zalacznik-nr-1-wniosek<\/a><a href=\"http:\/\/zpo.podedworze.pl\/wp-content\/uploads\/2024\/03\/zalacznik-nr-1-wniosek_2024.doc\" class=\"wp-block-file__button\" download aria-describedby=\"wp-block-file--media-32d0a2a3-90f6-4eb0-8db3-bf461be93d71\">Pobierz<\/a><\/div>\n\n\n\n<p>&#8212;&#8212;&#8212;&#8212;&#8212;&#8212;&#8212;&#8212;&#8212;&#8212;&#8212;&#8212;&#8212;&#8212;&#8212;&#8212;&#8212;&#8212;&#8212;&#8212;&#8212;&#8212;&#8212;&#8212;&#8212;&#8212;&#8212;&#8212;&#8212;&#8212;&#8212;&#8212;&#8212;&#8212;&#8212;&#8212;&#8212;&#8212;&#8211;<\/p>\n\n\n\n<p>Poni\u017cej przedstawiamy protok\u00f3\u0142 z posiedzenia Komisji Rekrutacyjnej oraz list\u0119 przyj\u0119tych dzieci do klasy I Szko\u0142y Podstawowej w Podedw\u00f3rzu w roku szkolnym 2024\/25.<\/p>\n\n\n\n<figure class=\"wp-block-gallery has-nested-images columns-default is-cropped wp-block-gallery-1 is-layout-flex wp-block-gallery-is-layout-flex\">\n<figure class=\"wp-block-image size-large\"><a href=\"http:\/\/zpo.podedworze.pl\/index.php\/rekrutacja-szkola-podstawowa\/skan0014\/\"><img loading=\"lazy\" decoding=\"async\" width=\"724\" height=\"1024\" data-id=\"26435\" src=\"http:\/\/zpo.podedworze.pl\/wp-content\/uploads\/2024\/04\/SKAN0014-724x1024.jpg\" alt=\"\" class=\"wp-image-26435\" srcset=\"http:\/\/zpo.podedworze.pl\/wp-content\/uploads\/2024\/04\/SKAN0014-724x1024.jpg 724w, http:\/\/zpo.podedworze.pl\/wp-content\/uploads\/2024\/04\/SKAN0014-212x300.jpg 212w, http:\/\/zpo.podedworze.pl\/wp-content\/uploads\/2024\/04\/SKAN0014-768x1086.jpg 768w, http:\/\/zpo.podedworze.pl\/wp-content\/uploads\/2024\/04\/SKAN0014-1087x1536.jpg 1087w, http:\/\/zpo.podedworze.pl\/wp-content\/uploads\/2024\/04\/SKAN0014-1449x2048.jpg 1449w, http:\/\/zpo.podedworze.pl\/wp-content\/uploads\/2024\/04\/SKAN0014-655x926.jpg 655w, http:\/\/zpo.podedworze.pl\/wp-content\/uploads\/2024\/04\/SKAN0014.jpg 1654w\" sizes=\"auto, (max-width: 724px) 100vw, 724px\" \/><\/a><\/figure>\n\n\n\n<figure class=\"wp-block-image size-large\"><a href=\"http:\/\/zpo.podedworze.pl\/index.php\/rekrutacja-szkola-podstawowa\/skan0015\/\"><img loading=\"lazy\" decoding=\"async\" width=\"724\" height=\"1024\" data-id=\"26434\" src=\"http:\/\/zpo.podedworze.pl\/wp-content\/uploads\/2024\/04\/SKAN0015-724x1024.jpg\" alt=\"\" class=\"wp-image-26434\" srcset=\"http:\/\/zpo.podedworze.pl\/wp-content\/uploads\/2024\/04\/SKAN0015-724x1024.jpg 724w, http:\/\/zpo.podedworze.pl\/wp-content\/uploads\/2024\/04\/SKAN0015-212x300.jpg 212w, http:\/\/zpo.podedworze.pl\/wp-content\/uploads\/2024\/04\/SKAN0015-768x1086.jpg 768w, http:\/\/zpo.podedworze.pl\/wp-content\/uploads\/2024\/04\/SKAN0015-1087x1536.jpg 1087w, http:\/\/zpo.podedworze.pl\/wp-content\/uploads\/2024\/04\/SKAN0015-1449x2048.jpg 1449w, http:\/\/zpo.podedworze.pl\/wp-content\/uploads\/2024\/04\/SKAN0015-655x926.jpg 655w, http:\/\/zpo.podedworze.pl\/wp-content\/uploads\/2024\/04\/SKAN0015.jpg 1654w\" sizes=\"auto, (max-width: 724px) 100vw, 724px\" \/><\/a><\/figure>\n<\/figure>\n\n\n\n<p><\/p>\n\n\n\n<p>&#8212;&#8212;&#8212;&#8212;&#8212;&#8212;&#8212;&#8212;&#8212;&#8212;&#8212;&#8212;&#8212;&#8212;&#8212;&#8212;&#8212;&#8212;&#8212;&#8212;&#8212;&#8212;&#8212;&#8212;&#8212;&#8212;&#8212;&#8212;&#8212;&#8212;&#8212;&#8212;&#8212;&#8212;&#8212;&#8212;&#8212;&#8212;&#8211;<\/p>\n\n\n\n<p>Poni\u017cej uaktualniona lista przyj\u0119tych dzieci do klasy I <\/p>\n\n\n\n<figure class=\"wp-block-gallery has-nested-images columns-default is-cropped wp-block-gallery-2 is-layout-flex wp-block-gallery-is-layout-flex\">\n<figure class=\"wp-block-image size-large\"><a href=\"http:\/\/zpo.podedworze.pl\/index.php\/rekrutacja-szkola-podstawowa\/rekrutacja0010\/\"><img loading=\"lazy\" decoding=\"async\" width=\"724\" height=\"1024\" data-id=\"23884\" src=\"http:\/\/zpo.podedworze.pl\/wp-content\/uploads\/2023\/09\/Rekrutacja0010-724x1024.jpg\" alt=\"\" class=\"wp-image-23884\" srcset=\"http:\/\/zpo.podedworze.pl\/wp-content\/uploads\/2023\/09\/Rekrutacja0010-724x1024.jpg 724w, http:\/\/zpo.podedworze.pl\/wp-content\/uploads\/2023\/09\/Rekrutacja0010-212x300.jpg 212w, http:\/\/zpo.podedworze.pl\/wp-content\/uploads\/2023\/09\/Rekrutacja0010-768x1086.jpg 768w, http:\/\/zpo.podedworze.pl\/wp-content\/uploads\/2023\/09\/Rekrutacja0010-1087x1536.jpg 1087w, http:\/\/zpo.podedworze.pl\/wp-content\/uploads\/2023\/09\/Rekrutacja0010-1449x2048.jpg 1449w, http:\/\/zpo.podedworze.pl\/wp-content\/uploads\/2023\/09\/Rekrutacja0010-655x926.jpg 655w, http:\/\/zpo.podedworze.pl\/wp-content\/uploads\/2023\/09\/Rekrutacja0010.jpg 1654w\" sizes=\"auto, (max-width: 724px) 100vw, 724px\" \/><\/a><\/figure>\n\n\n\n<figure class=\"wp-block-image size-large\"><a href=\"http:\/\/zpo.podedworze.pl\/index.php\/rekrutacja-szkola-podstawowa\/rekrutacja0009\/\"><img loading=\"lazy\" decoding=\"async\" width=\"724\" height=\"1024\" data-id=\"23883\" src=\"http:\/\/zpo.podedworze.pl\/wp-content\/uploads\/2023\/09\/Rekrutacja0009-724x1024.jpg\" alt=\"\" class=\"wp-image-23883\" srcset=\"http:\/\/zpo.podedworze.pl\/wp-content\/uploads\/2023\/09\/Rekrutacja0009-724x1024.jpg 724w, http:\/\/zpo.podedworze.pl\/wp-content\/uploads\/2023\/09\/Rekrutacja0009-212x300.jpg 212w, http:\/\/zpo.podedworze.pl\/wp-content\/uploads\/2023\/09\/Rekrutacja0009-768x1086.jpg 768w, http:\/\/zpo.podedworze.pl\/wp-content\/uploads\/2023\/09\/Rekrutacja0009-1087x1536.jpg 1087w, http:\/\/zpo.podedworze.pl\/wp-content\/uploads\/2023\/09\/Rekrutacja0009-1449x2048.jpg 1449w, http:\/\/zpo.podedworze.pl\/wp-content\/uploads\/2023\/09\/Rekrutacja0009-655x926.jpg 655w, http:\/\/zpo.podedworze.pl\/wp-content\/uploads\/2023\/09\/Rekrutacja0009-rotated.jpg 1654w\" sizes=\"auto, (max-width: 724px) 100vw, 724px\" \/><\/a><\/figure>\n<\/figure>\n\n\n\n<p><\/p>\n\n\n\n<p>Poni\u017cej przedstawiamy protok\u00f3\u0142 z posiedzenia Komisji Rekrutacyjnej oraz list\u0119 przyj\u0119tych dzieci do klasy I Szko\u0142y Podstawowej w Podedw\u00f3rzu w roku szkolnym 2023\/24.<\/p>\n\n\n\n<figure class=\"wp-block-gallery has-nested-images columns-default is-cropped wp-block-gallery-3 is-layout-flex wp-block-gallery-is-layout-flex\">\n<figure class=\"wp-block-image size-large\"><a href=\"http:\/\/zpo.podedworze.pl\/index.php\/rekrutacja-szkola-podstawowa\/rekrutacja0004\/\"><img loading=\"lazy\" decoding=\"async\" width=\"724\" height=\"1024\" data-id=\"22016\" src=\"http:\/\/zpo.podedworze.pl\/wp-content\/uploads\/2023\/04\/Rekrutacja0004-724x1024.jpg\" alt=\"\" class=\"wp-image-22016\" srcset=\"http:\/\/zpo.podedworze.pl\/wp-content\/uploads\/2023\/04\/Rekrutacja0004-724x1024.jpg 724w, http:\/\/zpo.podedworze.pl\/wp-content\/uploads\/2023\/04\/Rekrutacja0004-212x300.jpg 212w, http:\/\/zpo.podedworze.pl\/wp-content\/uploads\/2023\/04\/Rekrutacja0004-768x1086.jpg 768w, http:\/\/zpo.podedworze.pl\/wp-content\/uploads\/2023\/04\/Rekrutacja0004-1087x1536.jpg 1087w, http:\/\/zpo.podedworze.pl\/wp-content\/uploads\/2023\/04\/Rekrutacja0004-1449x2048.jpg 1449w, http:\/\/zpo.podedworze.pl\/wp-content\/uploads\/2023\/04\/Rekrutacja0004-655x926.jpg 655w, http:\/\/zpo.podedworze.pl\/wp-content\/uploads\/2023\/04\/Rekrutacja0004-rotated.jpg 1654w\" sizes=\"auto, (max-width: 724px) 100vw, 724px\" \/><\/a><\/figure>\n\n\n\n<figure class=\"wp-block-image size-large\"><a href=\"http:\/\/zpo.podedworze.pl\/index.php\/rekrutacja-szkola-podstawowa\/rekrutacja0005\/\"><img loading=\"lazy\" decoding=\"async\" width=\"724\" height=\"1024\" data-id=\"22017\" src=\"http:\/\/zpo.podedworze.pl\/wp-content\/uploads\/2023\/04\/Rekrutacja0005-724x1024.jpg\" alt=\"\" class=\"wp-image-22017\" srcset=\"http:\/\/zpo.podedworze.pl\/wp-content\/uploads\/2023\/04\/Rekrutacja0005-724x1024.jpg 724w, http:\/\/zpo.podedworze.pl\/wp-content\/uploads\/2023\/04\/Rekrutacja0005-212x300.jpg 212w, http:\/\/zpo.podedworze.pl\/wp-content\/uploads\/2023\/04\/Rekrutacja0005-768x1086.jpg 768w, http:\/\/zpo.podedworze.pl\/wp-content\/uploads\/2023\/04\/Rekrutacja0005-1087x1536.jpg 1087w, http:\/\/zpo.podedworze.pl\/wp-content\/uploads\/2023\/04\/Rekrutacja0005-1449x2048.jpg 1449w, http:\/\/zpo.podedworze.pl\/wp-content\/uploads\/2023\/04\/Rekrutacja0005-655x926.jpg 655w, http:\/\/zpo.podedworze.pl\/wp-content\/uploads\/2023\/04\/Rekrutacja0005-rotated.jpg 1654w\" sizes=\"auto, (max-width: 724px) 100vw, 724px\" \/><\/a><\/figure>\n<\/figure>\n\n\n\n<figure class=\"wp-block-embed is-type-wp-embed is-provider-zpo-w-podedworzu wp-block-embed-zpo-w-podedworzu\"><div class=\"wp-block-embed__wrapper\">\n<blockquote class=\"wp-embedded-content\" data-secret=\"bjCN97a6o3\"><a href=\"http:\/\/zpo.podedworze.pl\/index.php\/wyniki-rekrutacji-do-przedszkola-samorzadowego-w-roku-szkolnym-2022-23\/\">Wyniki rekrutacji do Przedszkola Samorz\u0105dowego w roku szkolnym 2022\/23<\/a><\/blockquote><iframe loading=\"lazy\" class=\"wp-embedded-content\" sandbox=\"allow-scripts\" security=\"restricted\" style=\"position: absolute; clip: rect(1px, 1px, 1px, 1px);\" title=\"&#8222;Wyniki rekrutacji do Przedszkola Samorz\u0105dowego w roku szkolnym 2022\/23&#8221; &#8212; ZPO w Podedw\u00f3rzu\" src=\"http:\/\/zpo.podedworze.pl\/index.php\/wyniki-rekrutacji-do-przedszkola-samorzadowego-w-roku-szkolnym-2022-23\/embed\/#?secret=cbH0hFsFkn#?secret=bjCN97a6o3\" data-secret=\"bjCN97a6o3\" width=\"600\" height=\"338\" frameborder=\"0\" marginwidth=\"0\" marginheight=\"0\" scrolling=\"no\"><\/iframe>\n<\/div><\/figure>\n\n\n\n<figure class=\"wp-block-embed is-type-wp-embed is-provider-zpo-w-podedworzu wp-block-embed-zpo-w-podedworzu\"><div class=\"wp-block-embed__wrapper\">\n<blockquote class=\"wp-embedded-content\" data-secret=\"29aeYg7bDo\"><a href=\"http:\/\/zpo.podedworze.pl\/index.php\/wyniki-rekrutacji-do-przedszkola-samorzadowego\/\">Wyniki rekrutacji do Przedszkola Samorz\u0105dowego<\/a><\/blockquote><iframe loading=\"lazy\" class=\"wp-embedded-content\" sandbox=\"allow-scripts\" security=\"restricted\" style=\"position: absolute; clip: rect(1px, 1px, 1px, 1px);\" title=\"&#8222;Wyniki rekrutacji do Przedszkola Samorz\u0105dowego&#8221; &#8212; ZPO w Podedw\u00f3rzu\" src=\"http:\/\/zpo.podedworze.pl\/index.php\/wyniki-rekrutacji-do-przedszkola-samorzadowego\/embed\/#?secret=vzC7Hc0Bkm#?secret=29aeYg7bDo\" data-secret=\"29aeYg7bDo\" width=\"600\" height=\"338\" frameborder=\"0\" marginwidth=\"0\" marginheight=\"0\" scrolling=\"no\"><\/iframe>\n<\/div><\/figure>\n\n\n\n<figure class=\"wp-block-embed is-type-wp-embed is-provider-zpo-w-podedworzu wp-block-embed-zpo-w-podedworzu\"><div class=\"wp-block-embed__wrapper\">\n<blockquote class=\"wp-embedded-content\" data-secret=\"1dEX164QZt\"><a href=\"http:\/\/zpo.podedworze.pl\/index.php\/lista-kandydatow-zakwalifikowanych-do-zpo-w-podedworzu-przedszkole-samorzadowe\/\">Lista kandydat\u00f3w zakwalifikowanych do ZPO w Podedw\u00f3rzu Przedszkole Samorz\u0105dowe<\/a><\/blockquote><iframe loading=\"lazy\" class=\"wp-embedded-content\" sandbox=\"allow-scripts\" security=\"restricted\" style=\"position: absolute; clip: rect(1px, 1px, 1px, 1px);\" title=\"&#8222;Lista kandydat\u00f3w zakwalifikowanych do ZPO w Podedw\u00f3rzu Przedszkole Samorz\u0105dowe&#8221; &#8212; ZPO w Podedw\u00f3rzu\" src=\"http:\/\/zpo.podedworze.pl\/index.php\/lista-kandydatow-zakwalifikowanych-do-zpo-w-podedworzu-przedszkole-samorzadowe\/embed\/#?secret=JJl0oGIqna#?secret=1dEX164QZt\" data-secret=\"1dEX164QZt\" width=\"600\" height=\"338\" frameborder=\"0\" marginwidth=\"0\" marginheight=\"0\" scrolling=\"no\"><\/iframe>\n<\/div><\/figure>\n\n\n\n<figure class=\"wp-block-embed is-type-wp-embed is-provider-zpo-w-podedworzu wp-block-embed-zpo-w-podedworzu\"><div class=\"wp-block-embed__wrapper\">\n<blockquote class=\"wp-embedded-content\" data-secret=\"ffvJm1qGcX\"><a href=\"http:\/\/zpo.podedworze.pl\/index.php\/rekrutacja-do-klasy-i-lista-kandydatow\/\">Rekrutacja do klasy I &#8211; lista kandydat\u00f3w<\/a><\/blockquote><iframe loading=\"lazy\" class=\"wp-embedded-content\" sandbox=\"allow-scripts\" security=\"restricted\" style=\"position: absolute; clip: rect(1px, 1px, 1px, 1px);\" title=\"&#8222;Rekrutacja do klasy I &#8211; lista kandydat\u00f3w&#8221; &#8212; ZPO w Podedw\u00f3rzu\" src=\"http:\/\/zpo.podedworze.pl\/index.php\/rekrutacja-do-klasy-i-lista-kandydatow\/embed\/#?secret=SNxxDRujfQ#?secret=ffvJm1qGcX\" data-secret=\"ffvJm1qGcX\" width=\"600\" height=\"338\" frameborder=\"0\" marginwidth=\"0\" marginheight=\"0\" scrolling=\"no\"><\/iframe>\n<\/div><\/figure>\n\n\n\n<figure class=\"wp-block-embed is-type-wp-embed is-provider-zpo-w-podedworzu wp-block-embed-zpo-w-podedworzu\"><div class=\"wp-block-embed__wrapper\">\n<blockquote class=\"wp-embedded-content\" data-secret=\"HPYHXEaVv5\"><a href=\"http:\/\/zpo.podedworze.pl\/index.php\/2021\/03\/16\/kontynuacja-edukacji-w-zespole-placowek-oswiatowych-w-podedworzu-przedszkole-samorzadowe-wykaz\/\">Kontynuacja edukacji w Zespole Plac\u00f3wek O\u015bwiatowych w Podedw\u00f3rzu Przedszkole Samorz\u0105dowe &#8211; wykaz dzieci<\/a><\/blockquote><iframe loading=\"lazy\" class=\"wp-embedded-content\" sandbox=\"allow-scripts\" security=\"restricted\" style=\"position: absolute; clip: rect(1px, 1px, 1px, 1px);\" title=\"&#8222;Kontynuacja edukacji w Zespole Plac\u00f3wek O\u015bwiatowych w Podedw\u00f3rzu Przedszkole Samorz\u0105dowe &#8211; wykaz dzieci&#8221; &#8212; ZPO w Podedw\u00f3rzu\" src=\"http:\/\/zpo.podedworze.pl\/index.php\/2021\/03\/16\/kontynuacja-edukacji-w-zespole-placowek-oswiatowych-w-podedworzu-przedszkole-samorzadowe-wykaz\/embed\/#?secret=Nrybkh4GQq#?secret=HPYHXEaVv5\" data-secret=\"HPYHXEaVv5\" width=\"600\" height=\"338\" frameborder=\"0\" marginwidth=\"0\" marginheight=\"0\" scrolling=\"no\"><\/iframe>\n<\/div><\/figure>\n\n\n\n<figure class=\"wp-block-embed is-type-wp-embed is-provider-zpo-w-podedworzu wp-block-embed-zpo-w-podedworzu\"><div class=\"wp-block-embed__wrapper\">\n<blockquote class=\"wp-embedded-content\" data-secret=\"mvTTSeuSVi\"><a href=\"http:\/\/zpo.podedworze.pl\/index.php\/regulamin-rekrutacji-do-przedszkola-samorzadowego\/\">Regulamin rekrutacji do Przedszkola Samorz\u0105dowego<\/a><\/blockquote><iframe loading=\"lazy\" class=\"wp-embedded-content\" sandbox=\"allow-scripts\" security=\"restricted\" style=\"position: absolute; clip: rect(1px, 1px, 1px, 1px);\" title=\"&#8222;Regulamin rekrutacji do Przedszkola Samorz\u0105dowego&#8221; &#8212; ZPO w Podedw\u00f3rzu\" src=\"http:\/\/zpo.podedworze.pl\/index.php\/regulamin-rekrutacji-do-przedszkola-samorzadowego\/embed\/#?secret=iHZsaTaKlg#?secret=mvTTSeuSVi\" data-secret=\"mvTTSeuSVi\" width=\"600\" height=\"338\" frameborder=\"0\" marginwidth=\"0\" marginheight=\"0\" scrolling=\"no\"><\/iframe>\n<\/div><\/figure>\n\n\n\n<figure class=\"wp-block-embed is-type-wp-embed is-provider-zpo-w-podedworzu wp-block-embed-zpo-w-podedworzu\"><div class=\"wp-block-embed__wrapper\">\n<blockquote class=\"wp-embedded-content\" data-secret=\"pda7ZrHCnW\"><a href=\"http:\/\/zpo.podedworze.pl\/index.php\/rekrutacja-do-klasy-pierwszej\/\">Rekrutacja do klasy pierwszej<\/a><\/blockquote><iframe loading=\"lazy\" class=\"wp-embedded-content\" sandbox=\"allow-scripts\" security=\"restricted\" style=\"position: absolute; clip: rect(1px, 1px, 1px, 1px);\" title=\"&#8222;Rekrutacja do klasy pierwszej&#8221; &#8212; ZPO w Podedw\u00f3rzu\" src=\"http:\/\/zpo.podedworze.pl\/index.php\/rekrutacja-do-klasy-pierwszej\/embed\/#?secret=RhJLFWb9rp#?secret=pda7ZrHCnW\" data-secret=\"pda7ZrHCnW\" width=\"600\" height=\"338\" frameborder=\"0\" marginwidth=\"0\" marginheight=\"0\" scrolling=\"no\"><\/iframe>\n<\/div><\/figure>\n\n\n\n<figure class=\"wp-block-embed is-type-wp-embed is-provider-zpo-w-podedworzu wp-block-embed-zpo-w-podedworzu\"><div class=\"wp-block-embed__wrapper\">\n<blockquote class=\"wp-embedded-content\" data-secret=\"Y61LbFT3aK\"><a href=\"http:\/\/zpo.podedworze.pl\/index.php\/kontynuacja-edukacji-w-zespole-placowek-oswiatowych-w-podedworzu-przedszkole-samorzadowe\/\">Kontynuacja edukacji w Zespole Plac\u00f3wek O\u015bwiatowych w Podedw\u00f3rzu Przedszkole Samorz\u0105dowe<\/a><\/blockquote><iframe loading=\"lazy\" class=\"wp-embedded-content\" sandbox=\"allow-scripts\" security=\"restricted\" style=\"position: absolute; clip: rect(1px, 1px, 1px, 1px);\" title=\"&#8222;Kontynuacja edukacji w Zespole Plac\u00f3wek O\u015bwiatowych w Podedw\u00f3rzu Przedszkole Samorz\u0105dowe&#8221; &#8212; ZPO w Podedw\u00f3rzu\" src=\"http:\/\/zpo.podedworze.pl\/index.php\/kontynuacja-edukacji-w-zespole-placowek-oswiatowych-w-podedworzu-przedszkole-samorzadowe\/embed\/#?secret=A7W1BSNgtG#?secret=Y61LbFT3aK\" data-secret=\"Y61LbFT3aK\" width=\"600\" height=\"338\" frameborder=\"0\" marginwidth=\"0\" marginheight=\"0\" scrolling=\"no\"><\/iframe>\n<\/div><\/figure>\n\n\n\n<figure class=\"wp-block-embed is-type-wp-embed is-provider-zpo-w-podedworzu wp-block-embed-zpo-w-podedworzu\"><div class=\"wp-block-embed__wrapper\">\n<blockquote class=\"wp-embedded-content\" data-secret=\"nL88HTHH3s\"><a href=\"http:\/\/zpo.podedworze.pl\/index.php\/komisja-rekrutacyjna\/\">Komisja Rekrutacyjna<\/a><\/blockquote><iframe loading=\"lazy\" class=\"wp-embedded-content\" sandbox=\"allow-scripts\" security=\"restricted\" style=\"position: absolute; clip: rect(1px, 1px, 1px, 1px);\" title=\"&#8222;Komisja Rekrutacyjna&#8221; &#8212; ZPO w Podedw\u00f3rzu\" src=\"http:\/\/zpo.podedworze.pl\/index.php\/komisja-rekrutacyjna\/embed\/#?secret=08KUN8H2gh#?secret=nL88HTHH3s\" data-secret=\"nL88HTHH3s\" width=\"600\" height=\"338\" frameborder=\"0\" marginwidth=\"0\" marginheight=\"0\" scrolling=\"no\"><\/iframe>\n<\/div><\/figure>\n","protected":false},"excerpt":{"rendered":"<p>Lista kandydat\u00f3w przyj\u0119tych w wyniku post\u0119powania rekrutacyjnego doZespo\u0142u Plac\u00f3wek O\u015bwiatowych w Podedw\u00f3rzu PrzedszkolaSamorz\u0105dowego na rok szkolny 2025\/2026 znajduje si\u0119 przy sali nr 9 na tablicy og\u0142osze\u0144. &#8212;&#8212;&#8212;&#8212;&#8212;&#8212;&#8212;&#8212;&#8212;&#8212;&#8212;&#8212;&#8212;&#8212;&#8212;&#8212;&#8212;&#8212;&#8212;&#8212;&#8212;&#8212;&#8212;&#8212;&#8212;&#8212;&#8212;&#8212;&#8212;&#8212;&#8212;&#8212;&#8212;&#8212;&#8212;&#8212;&#8212;&#8212;&#8211; Poni\u017cej przedstawiamy protok\u00f3\u0142 z posiedzenia Komisji Rekrutacyjnej oraz&#8230;<\/p>\n","protected":false},"author":1,"featured_media":0,"parent":0,"menu_order":0,"comment_status":"closed","ping_status":"closed","template":"","meta":{"footnotes":""},"class_list":["post-605","page","type-page","status-publish","hentry"],"_links":{"self":[{"href":"http:\/\/zpo.podedworze.pl\/index.php\/wp-json\/wp\/v2\/pages\/605","targetHints":{"allow":["GET"]}}],"collection":[{"href":"http:\/\/zpo.podedworze.pl\/index.php\/wp-json\/wp\/v2\/pages"}],"about":[{"href":"http:\/\/zpo.podedworze.pl\/index.php\/wp-json\/wp\/v2\/types\/page"}],"author":[{"embeddable":true,"href":"http:\/\/zpo.podedworze.pl\/index.php\/wp-json\/wp\/v2\/users\/1"}],"replies":[{"embeddable":true,"href":"http:\/\/zpo.podedworze.pl\/index.php\/wp-json\/wp\/v2\/comments?post=605"}],"version-history":[{"count":34,"href":"http:\/\/zpo.podedworze.pl\/index.php\/wp-json\/wp\/v2\/pages\/605\/revisions"}],"predecessor-version":[{"id":31541,"href":"http:\/\/zpo.podedworze.pl\/index.php\/wp-json\/wp\/v2\/pages\/605\/revisions\/31541"}],"wp:attachment":[{"href":"http:\/\/zpo.podedworze.pl\/index.php\/wp-json\/wp\/v2\/media?parent=605"}],"curies":[{"name":"wp","href":"https:\/\/api.w.org\/{rel}","templated":true}]}}